{"id":254,"date":"2016-11-16T16:31:36","date_gmt":"2016-11-16T16:31:36","guid":{"rendered":"http:\/\/www.castillodesaldana.es\/?page_id=254"},"modified":"2017-10-13T11:23:25","modified_gmt":"2017-10-13T11:23:25","slug":"iniciativa-popular","status":"publish","type":"page","link":"http:\/\/www.castillodesaldana.es\/?page_id=254","title":{"rendered":"INICIATIVA POPULAR"},"content":{"rendered":"<p>Iniciativa popular a favor de que se celebre un refer\u00e9ndum municipal\u00a0 con la siguiente pregunta: <strong><span style=\"color: #800080;\">\u00bfQuieres que el Ayuntamiento compre el Castillo para que pase a ser patrimonio de todos los salda\u00f1eses?<\/span><\/strong> (el precio de dicha compra seria, a d\u00eda de hoy, 6 de julio del 2017, de: 19.176 \u20ac).<\/p>\n<p>Si estas de acuerdo firma esta petici\u00f3n.<\/p>\n<p><a href=\"http:\/\/www.castillodesaldana.es\/wp-content\/uploads\/2016\/11\/IniciativaPopular.pdf\" target=\"_blank\">Documento Iniciativa Popular<\/a><\/p>\n<p>Para que esta iniciativa tenga \u00e9xito se necesitan las firmas del <strong><span style=\"color: #ff0000;\">20 %<\/span><\/strong> del censo electoral (500 firmas), que aproximadamente es de 2.500 personas en Salda\u00f1a. Tambien se agradece el apoyo, firmando el mismo documento,\u00a0de todos aquellos salda\u00f1eses que no est\u00e1n censados en Salda\u00f1a, pero que \"ejercen\" orgullosamente como tales.<\/p>\n<p>A\u00a01 de diciembre del 2016 han firmado ......................<em><strong><span style=\"color: #ff0000;\">38<\/span><\/strong><\/em><span style=\"color: #000000;\">\u00a0\u00a0 (1,52\u00a0% del censo)\u00a0<\/span><\/p>\n<p>A 3 de diciembre de 2016 han firmado........................<em><strong><span style=\"color: #ff0000;\">53<\/span><\/strong><\/em>\u00a0 (2,12 % del censo)<\/p>\n<p>A 9 de diciembre de 2016 han firmado........................<span style=\"color: #ff0000;\"><strong><em>75<\/em><\/strong><\/span>\u00a0 (3,00\u00a0% del censo)<\/p>\n<p>A 14 de diciembre de 2016 han firmado.....................<span style=\"color: #ff0000;\"><strong>101<\/strong><\/span> (4,04 % del censo)<\/p>\n<p>A 28 de diciembre de 2016 han firmado.....................<strong><span style=\"color: #ff0000;\">139<\/span><\/strong> (5,6 % del censo)<\/p>\n<p>A 3 de enero de 2017 han firmado.............................. <span style=\"color: #ff0000;\"><strong>170<\/strong><\/span> (6,8 % del censo)<\/p>\n<p>A 12 de enero de 2017 han firmado ........................... <span style=\"color: #ff0000;\"><strong>202<\/strong><\/span> (8,08 % del censo)<\/p>\n<p>A 20 de enero de 2017 han firmado............................ <span style=\"color: #ff0000;\"><strong>226<\/strong><\/span> (9,04 % del censo)<\/p>\n<p>A 25 de enero de 2017 han firmado............................ <strong><span style=\"color: #ff0000;\">250<\/span> <\/strong>(10 % del censo). Lo que representa la <span style=\"color: #ff0000;\"><em>mitad de las firmas<\/em> <\/span>necesarias para esta iniciativa. Aparte: tambi\u00e9n firman 170 personas mas, que no est\u00e1n censadas en Salda\u00f1a, pero que viven, trabajan, disfrutan, ... de Salda\u00f1a y apoyan que el Castillo pase a ser patrimonio de todos los salda\u00f1eses.<\/p>\n<p>A 8 de febrero de 2017 han firmado............................ <strong><span style=\"color: #ff0000;\">275<\/span><\/strong> (11 % del censo)<\/p>\n<p>A 10 de marzo de 2017 han firmado ........................... <span style=\"color: #ff0000;\"><strong>300<\/strong><\/span> (12 % del censo)<\/p>\n<p>A 7 de abril de 2017 han firmado................................. <strong><span style=\"color: #ff0000;\">325<\/span><\/strong> (13 % del censo)<\/p>\n<p>A 21 de abril de 2017 han firmado.............................. <strong><span style=\"color: #ff0000;\">350<\/span><\/strong> (14 % del censo)<\/p>\n<p>A 12 de mayo de 2017 han firmado............................ <span style=\"color: #ff0000;\"><strong>375<\/strong><\/span> (15 % del censo)<\/p>\n<p>A 13 de junio de 2017 han firmado..............................<span style=\"color: #ff0000;\"><strong>401<\/strong><\/span> (16 % del censo)<\/p>\n<p style=\"text-align: justify;\">A 4 de julio de 2017 han firmado..................................<span style=\"color: #ff0000;\"><strong>425<\/strong><\/span> (17 % del censo)<\/p>\n<p style=\"text-align: justify;\">A 28 de agosto de 2017 han firmado .......................... <strong><span style=\"color: #ff0000;\">450<\/span><\/strong> (18 % del censo)<\/p>\n<p style=\"text-align: justify;\">A 13 de Octubre de 2017 han firmado.........................<strong><span style=\"color: #ff0000;\">475<\/span><\/strong> (19 % del censo)<\/p>\n<h1 style=\"text-align: center;\">Firmas que quedan\u00a0para completar la iniciativa<\/h1>\n<h1 style=\"text-align: center;\"><span style=\"color: #ff0000;\"><b>25<\/b><\/span><\/h1>\n<p>&nbsp;<\/p>\n<p><a href=\"http:\/\/www.castillodesaldana.es\/wp-content\/uploads\/2016\/11\/Mesa-de-firmas-12-4-17-.jpg\"><img decoding=\"async\" loading=\"lazy\" class=\"alignnone size-full wp-image-852\" src=\"http:\/\/www.castillodesaldana.es\/wp-content\/uploads\/2016\/11\/Mesa-de-firmas-12-4-17-.jpg\" alt=\"Mesa de firmas - 12-4-17\" width=\"800\" height=\"450\" srcset=\"http:\/\/www.castillodesaldana.es\/wp-content\/uploads\/2016\/11\/Mesa-de-firmas-12-4-17-.jpg 800w, http:\/\/www.castillodesaldana.es\/wp-content\/uploads\/2016\/11\/Mesa-de-firmas-12-4-17--300x169.jpg 300w, http:\/\/www.castillodesaldana.es\/wp-content\/uploads\/2016\/11\/Mesa-de-firmas-12-4-17--768x432.jpg 768w\" sizes=\"(max-width: 800px) 100vw, 800px\" \/><\/a><\/p>\n<p>&nbsp;<\/p>\n<p><strong><span style=\"color: #800000;\">TIENES LAS HOJAS PARA PODER FIRMARLAS EN:\u00a0<\/span><\/strong><\/p>\n<ul>\n<li><span style=\"color: #800000;\">Muebles Guerra (Plaza del Lino, 6)<\/span><\/li>\n<li><span style=\"color: #800000;\">Academia de Inform\u00e1tica (C\/ De los danzantes, s\/n)<\/span><\/li>\n<\/ul>\n<hr \/>\n<p><em>Puedes enviar comentarios o cualquier otra documentaci\u00f3n (fotos, recortes...) al correo electr\u00f3nico <a style=\"color: #000000;\" href=\"mailto:juancarlos@dueronet.com\">juancarlos@dueronet.com<\/a><\/em><\/p>\n","protected":false},"excerpt":{"rendered":"<p>Iniciativa popular a favor de que se celebre un refer\u00e9ndum municipal\u00a0 con la siguiente pregunta: \u00bfQuieres que el Ayuntamiento compre el Castillo para que pase a ser patrimonio de todos los salda\u00f1eses? (el precio de dicha compra seria, a d\u00eda de hoy, 6 de julio del 2017, de: 19.176 \u20ac). Si estas de acuerdo firma <a href=\"http:\/\/www.castillodesaldana.es\/?page_id=254\" class=\"more-link\">...contin\u00faa leyendo<span class=\"screen-reader-text\"> \"INICIATIVA POPULAR\"<\/span><\/a><\/p>\n","protected":false},"author":1,"featured_media":0,"parent":0,"menu_order":0,"comment_status":"open","ping_status":"open","template":"","meta":[],"_links":{"self":[{"href":"http:\/\/www.castillodesaldana.es\/index.php?rest_route=\/wp\/v2\/pages\/254"}],"collection":[{"href":"http:\/\/www.castillodesaldana.es\/index.php?rest_route=\/wp\/v2\/pages"}],"about":[{"href":"http:\/\/www.castillodesaldana.es\/index.php?rest_route=\/wp\/v2\/types\/page"}],"author":[{"embeddable":true,"href":"http:\/\/www.castillodesaldana.es\/index.php?rest_route=\/wp\/v2\/users\/1"}],"replies":[{"embeddable":true,"href":"http:\/\/www.castillodesaldana.es\/index.php?rest_route=%2Fwp%2Fv2%2Fcomments&post=254"}],"version-history":[{"count":43,"href":"http:\/\/www.castillodesaldana.es\/index.php?rest_route=\/wp\/v2\/pages\/254\/revisions"}],"predecessor-version":[{"id":981,"href":"http:\/\/www.castillodesaldana.es\/index.php?rest_route=\/wp\/v2\/pages\/254\/revisions\/981"}],"wp:attachment":[{"href":"http:\/\/www.castillodesaldana.es\/index.php?rest_route=%2Fwp%2Fv2%2Fmedia&parent=254"}],"curies":[{"name":"wp","href":"https:\/\/api.w.org\/{rel}","templated":true}]}}